{"id":7,"date":"2018-03-30T19:32:23","date_gmt":"2018-03-30T17:32:23","guid":{"rendered":"http:\/\/keramikamili.cz\/web\/?page_id=7"},"modified":"2020-12-10T04:10:01","modified_gmt":"2020-12-10T03:10:01","slug":"domu","status":"publish","type":"page","link":"http:\/\/keramikamili.cz\/web\/","title":{"rendered":"O MILI"},"content":{"rendered":"\n<p style=\"text-align: justify;\">Ji\u017e od d\u011btstv\u00ed jsem t\u00edhla k ru\u010dn\u00edm pracem a tvo\u0159en\u00ed m\u011b prov\u00e1z\u00ed cel\u00fd \u017eivot. A\u0165 u\u017e se jednalo o pleten\u00ed, h\u00e1\u010dkov\u00e1n\u00ed, \u0161it\u00ed, vy\u0161\u00edv\u00e1n\u00ed, dr\u00e1tkov\u00e1n\u00ed, v\u00fdroba z pedigu, tvorba du\u0161i\u010dkov\u00fdch v\u011bnc\u016f, v\u0161e jsem tou\u017eila vyzkou\u0161et. Ve sv\u00e9 nelehk\u00e9 \u017eivotn\u00ed situaci jsem se dostala k tvorb\u011b z hl\u00edny. Tato tvorba m\u011b u\u010darovala a rozhodla jsem se v n\u00ed zdokonalit. Za\u010d\u00e1tky nebyly lehk\u00e9, ale svou touhou, p\u00edl\u00ed a l\u00e1skou k pr\u00e1ci jsem doc\u00edlila toho, \u017ee moje v\u00fdrobky zdob\u00ed mnoho zahrad nejen u n\u00e1s, ale i v zahrani\u010d\u00ed. N\u011bkte\u0159\u00ed z\u00e1kazn\u00edci si m\u00e1 d\u00edla dokupuj\u00ed a dokonce je i sb\u00edraj\u00ed, \u010deho si nesm\u00edrn\u011b v\u00e1\u017e\u00edm. Je mnoho z\u00e1kazn\u00edk\u016f, co se ptaj\u00ed, co nov\u00e9ho jsem op\u011bt vytvo\u0159ila, co je\u0161t\u011b nemaj\u00ed.<\/p>\n\n\n\n<figure class=\"wp-block-image size-large is-resized\"><img src=\"http:\/\/keramikamili.cz\/web\/wp-content\/uploads\/2020\/12\/20190818_152500-1024x768.jpg\" alt=\"\" class=\"wp-image-188\" width=\"1200\" srcset=\"http:\/\/keramikamili.cz\/web\/wp-content\/uploads\/2020\/12\/20190818_152500-1024x768.jpg 1024w, http:\/\/keramikamili.cz\/web\/wp-content\/uploads\/2020\/12\/20190818_152500-300x225.jpg 300w, http:\/\/keramikamili.cz\/web\/wp-content\/uploads\/2020\/12\/20190818_152500-768x576.jpg 768w, http:\/\/keramikamili.cz\/web\/wp-content\/uploads\/2020\/12\/20190818_152500-1536x1152.jpg 1536w, http:\/\/keramikamili.cz\/web\/wp-content\/uploads\/2020\/12\/20190818_152500-2048x1536.jpg 2048w\" sizes=\"(max-width: 706px) 89vw, (max-width: 767px) 82vw, 740px\" \/><\/figure>\n\n\n\n<p style=\"text-align: justify;\">&#8222;Z\u00e1klady keramiky jsem z\u00edskala na keramick\u00e9m kurzu. Dal\u0161\u00ed m\u00e9 vzd\u011bl\u00e1v\u00e1n\u00ed bylo o vyhled\u00e1v\u00e1n\u00ed informac\u00ed a jak jinak ne\u017e pokus omyl. Nevzdala jsem to. Kdy\u017e jsem otev\u0159ela pec a vyt\u00e1hla z n\u00ed keramiku, kter\u00e1 m\u011bla kr\u00e1snou p\u0159\u00edrodn\u00ed barvu, vypadala jako ze d\u0159eva, rozz\u00e1\u0159ilo se mi srd\u00ed\u010dko. V\u011bd\u011bla jsem, \u017ee je to, co chci \u2013 d\u011blat lidem radost. Ka\u017ed\u00e9 m\u00e9 d\u00edlko je origin\u00e1l. S ka\u017edou sovi\u010dkou, and\u00edlkem, sk\u0159\u00edtkem, \u010dertem, je\u017eibabou, v\u00e1\u017ekou, v\u010delkou, pt\u00e1\u010dkem, vodn\u00ed\u010dkem, \u017e\u00e1bou, ko\u010di\u010dkou, ove\u010dkou \u010di lampi\u010dkou a nebo kyti\u010dkou si hezky ru\u010dn\u011b vyhraju. \u2026\u2026 za ty roky sortiment st\u00e1le roz\u0161i\u0159uji a stejn\u011b se roz\u0161i\u0159uj\u00ed sb\u00edrky m\u00fdch z\u00e1kazn\u00edk\u016f. Jsou to hlavn\u011b oni, co m\u011b \u017eenou st\u00e1le d\u00e1l ke zdokonalov\u00e1n\u00ed a vym\u00fd\u0161len\u00ed nov\u00fdch a nov\u00fdch v\u00fdrobk\u016f. Odm\u011bnou mi jsou rozz\u00e1\u0159en\u00e9 o\u010di a \u00fasm\u011bv p\u0159ed m\u00fdm st\u00e1nkem a v obch\u016fdku. St\u00e1le \u010dast\u011bji m\u011b oslovuj\u00ed d\u011bti i rodi\u010de a tak sv\u00e9 zku\u0161enosti tak\u00e9 p\u0159ed\u00e1v\u00e1m d\u00e1l.<\/p>\n\n\n\n<figure class=\"wp-block-image size-large is-resized\"><img src=\"http:\/\/keramikamili.cz\/web\/wp-content\/uploads\/2020\/12\/20201121_122322-1024x768.jpg\" alt=\"\" class=\"wp-image-192\" width=\"1200\" srcset=\"http:\/\/keramikamili.cz\/web\/wp-content\/uploads\/2020\/12\/20201121_122322-1024x768.jpg 1024w, http:\/\/keramikamili.cz\/web\/wp-content\/uploads\/2020\/12\/20201121_122322-300x225.jpg 300w, http:\/\/keramikamili.cz\/web\/wp-content\/uploads\/2020\/12\/20201121_122322-768x576.jpg 768w, http:\/\/keramikamili.cz\/web\/wp-content\/uploads\/2020\/12\/20201121_122322-1536x1152.jpg 1536w, http:\/\/keramikamili.cz\/web\/wp-content\/uploads\/2020\/12\/20201121_122322-2048x1536.jpg 2048w\" sizes=\"(max-width: 706px) 89vw, (max-width: 767px) 82vw, 740px\" \/><\/figure>\n\n\n\n<p style=\"text-align: justify;\">D\u00edky z\u00e1kazn\u00edk\u016fm, kte\u0159\u00ed m\u00e9 d\u00edlka st\u00e1le v\u00edc a v\u00edc popt\u00e1vaj\u00ed, moje keramika obst\u00e1la ve velk\u00e9 konkurenci. Bez um\u011bleck\u00e9ho vzd\u011bl\u00e1n\u00ed, se svoji p\u00edl\u00ed jsem se \u010dasem zdokonalila. Origin\u00e1ly z moj\u00ed d\u00edlny jsou pro zkr\u00e1\u0161len\u00ed nejen zahrad, ale i va\u0161ich domov\u016f. Keramika Mili se sv\u00fdmi d\u00edlky z\u00edskala mnoho ocen\u011bn\u00ed a um\u00edst\u011bn\u00ed v keramick\u00fdch sout\u011b\u017e\u00edch. Mohli jste vid\u011bt v\u00fdstavu v muzeu, ve Velk\u00fdch Karlovic\u00edch. Mou pr\u00e1ci jste tak\u00e9 vid\u011bli v toulav\u00e9 kame\u0159e. A na mnoha a mnoha \u0159emesln\u00fdch akc\u00edch. Cen\u00edm si toho, \u017ee jsem se dostala mezi \u0161pi\u010dku v na\u0161\u00ed zemi a doc\u00edlila toho, \u017ee m\u00e1 origin\u00e1ln\u00ed ru\u010dn\u00ed tvorba je nezam\u011bniteln\u00e1.<\/p>\n\n\n\n<p style=\"text-align: justify;\">Sovi\u010dku, and\u00edlka, zvone\u010dek pro radost a \u0161t\u011bst\u00ed, \u010di cokoliv z mal\u00e9 d\u00edlni\u010dky by jste m\u011bli m\u00edt. Ud\u011blejte si v\u00fdlet na Host\u00fdn a nav\u0161tivte \u00fatuln\u00fd, kreativn\u00ed obch\u016fdek KeramikaMili, kter\u00fd je kousek od muzea \u017eidl\u00ed TON. N\u00e1v\u0161t\u011bvu je t\u0159eba dohodnout telefonicky.<\/p>\n","protected":false},"excerpt":{"rendered":"<p>Ji\u017e od d\u011btstv\u00ed jsem t\u00edhla k ru\u010dn\u00edm pracem a tvo\u0159en\u00ed m\u011b prov\u00e1z\u00ed cel\u00fd \u017eivot. A\u0165 u\u017e se jednalo o pleten\u00ed, h\u00e1\u010dkov\u00e1n\u00ed, \u0161it\u00ed, vy\u0161\u00edv\u00e1n\u00ed, dr\u00e1tkov\u00e1n\u00ed, v\u00fdroba z pedigu, tvorba du\u0161i\u010dkov\u00fdch v\u011bnc\u016f, v\u0161e jsem tou\u017eila vyzkou\u0161et. Ve sv\u00e9 nelehk\u00e9 \u017eivotn\u00ed situaci jsem se dostala k tvorb\u011b z hl\u00edny. Tato tvorba m\u011b u\u010darovala a rozhodla jsem se v &hellip; <\/p>\n<p class=\"link-more\"><a href=\"http:\/\/keramikamili.cz\/web\/\" class=\"more-link\">Pokra\u010dovat ve \u010dten\u00ed<span class=\"screen-reader-text\"> &#8222;O MILI&#8220;<\/span><\/a><\/p>\n","protected":false},"author":1,"featured_media":0,"parent":0,"menu_order":0,"comment_status":"closed","ping_status":"closed","template":"","meta":[],"_links":{"self":[{"href":"http:\/\/keramikamili.cz\/web\/wp-json\/wp\/v2\/pages\/7"}],"collection":[{"href":"http:\/\/keramikamili.cz\/web\/wp-json\/wp\/v2\/pages"}],"about":[{"href":"http:\/\/keramikamili.cz\/web\/wp-json\/wp\/v2\/types\/page"}],"author":[{"embeddable":true,"href":"http:\/\/keramikamili.cz\/web\/wp-json\/wp\/v2\/users\/1"}],"replies":[{"embeddable":true,"href":"http:\/\/keramikamili.cz\/web\/wp-json\/wp\/v2\/comments?post=7"}],"version-history":[{"count":18,"href":"http:\/\/keramikamili.cz\/web\/wp-json\/wp\/v2\/pages\/7\/revisions"}],"predecessor-version":[{"id":288,"href":"http:\/\/keramikamili.cz\/web\/wp-json\/wp\/v2\/pages\/7\/revisions\/288"}],"wp:attachment":[{"href":"http:\/\/keramikamili.cz\/web\/wp-json\/wp\/v2\/media?parent=7"}],"curies":[{"name":"wp","href":"https:\/\/api.w.org\/{rel}","templated":true}]}}